{"id":23154,"date":"2026-07-30T19:05:07","date_gmt":"2026-07-30T22:05:07","guid":{"rendered":"https:\/\/ens9001-infd.mendoza.edu.ar\/sitio\/?page_id=23154"},"modified":"2026-08-12T18:19:32","modified_gmt":"2026-08-12T21:19:32","slug":"23154-2","status":"publish","type":"page","link":"https:\/\/ens9001-infd.mendoza.edu.ar\/sitio\/23154-2\/","title":{"rendered":"CONVOCATORIA A CONCURSO ABREVIADO DE ANTECEDENTES"},"content":{"rendered":"\n<p><strong><u>CONCURSO ABREVIADO DE ANTECEDENTES Y OPOSICI\u00d3N: DIRECCI\u00d3N DE NIVEL SUPERIOR &#8211; JEFATURA DE FORMACI\u00d3N INICIAL T\u00c9CNICA<\/u><\/strong><\/p>\n\n\n\n<p>Se informa a la comunidad educativa que los <strong>aspirantes inscriptos<\/strong>, en primera instancia, al Concurso Abreviado de Antecedentes y Oposici\u00f3n para la renovaci\u00f3n del cargo unipersonal de gobierno, correspondiente a la Direcci\u00f3n de Nivel Superior, y para el cargo jer\u00e1rquico de gesti\u00f3n acad\u00e9mica, correspondiente a la Jefatura de Formaci\u00f3n Inicial T\u00e9cnica, son quienes se detallan a continuaci\u00f3n:<\/p>\n\n\n\n<p><strong>DIRECCI\u00d3N DE NIVEL SUPERIOR<\/strong><\/p>\n\n\n\n<ul>\n<li>Di Marco, Vanesa Lorena (DNI N\u00b0 25136957)<\/li>\n\n\n\n<li>Mauad, Carlos Mariano (DNI N\u00b0 20448395)<\/li>\n\n\n\n<li>Mendez Rossel, Lorena del Pilar (DNI N\u00b0 92965795)<\/li>\n<\/ul>\n\n\n\n<p><strong>JEFATURA DE FORMACI\u00d3N INICIAL T\u00c9CNICA<\/strong><\/p>\n\n\n\n<ul>\n<li>Biasiori, Adri\u00e1n Walter (DNI N\u00b0 22464904)<\/li>\n\n\n\n<li>Correa, Silvana Lourdes (DNI N\u00b0 29573741)<\/li>\n\n\n\n<li>Ponce, Ver\u00f3nica Natalia (DNI N\u00b0 32354539)<\/li>\n<\/ul>\n\n\n\n<p>As\u00ed tambi\u00e9n se comunica la conformaci\u00f3n del <strong>Jurado Externo<\/strong>, conforme lo dispuesto por la Resoluci\u00f3n de Direcci\u00f3n de Educaci\u00f3n Superior N\u00b0 192\/2026, que tendr\u00e1 a cargo el Concurso Abreviado de Antecedentes y Oposici\u00f3n para la cobertura de del cargo vacante, a continuaci\u00f3n:<\/p>\n\n\n\n<ul>\n<li>Miembro representante de la instituci\u00f3n, en car\u00e1cter titular: Prof. Ariadna M. Cocconi<\/li>\n\n\n\n<li>Miembro externo a la instituci\u00f3n, en car\u00e1cter titular: Prof. Virginia Hern\u00e1ndez<\/li>\n\n\n\n<li>Miembro externo a la jurisdicci\u00f3n, en car\u00e1cter titular: Prof. Lic. Gabriela I. Marzetti<\/li>\n<\/ul>\n\n\n\n<hr class=\"wp-block-separator has-alpha-channel-opacity\"\/>\n\n\n\n<p class=\"has-text-align-center has-accent-color has-text-color has-medium-font-size\"><strong>CONVOCATORIA A CONCURSO ABREVIADO DE ANTECEDENTES <strong>Y OPOSICI\u00d3N PARA CARGO UNIPERSONAL DE GOBIERNO Y JER\u00c1RQUICO DE GESTI\u00d3N ACAD\u00c9MICA: DIRECCI\u00d3N DE NIVEL SUPERIOR Y JEFATURA DE FORMACI\u00d3N INICIAL T\u00c9CNICA<\/strong> <\/strong><\/p>\n\n\n\n<p>El Consejo Directivo del Instituto de Educaci\u00f3n Superior N\u00b0 9-001 \u00abGral. Jos\u00e9 de San Mart\u00edn\u00bb informa que, ha dispuesto la suspensi\u00f3n del Concurso Abreviado de Antecedentes y Oposici\u00f3n, convocado por Resoluci\u00f3n N\u00b0 0207-CD-2026, para la cobertura del cargo de Jefe de Formaci\u00f3n Inicial T\u00e9cnica.<\/p>\n\n\n\n<p>La presente decisi\u00f3n responde a la necesidad de garantizar las condiciones necesarias para el adecuado desenvolvimiento institucional, procurando una planificaci\u00f3n integral de la gesti\u00f3n y asegurando que los procedimientos de cobertura se desarrollen con criterios de eficiencia administrativa, en resguardo de la continuidad, calidad y adecuada prestaci\u00f3n del servicio educativo.<\/p>\n\n\n\n<p>En consecuencia, el Consejo Directivo convoca a un nuevo Concurso Abreviado, en el que se incluye la cobertura de los cargos de Director y Jefe de Formaci\u00f3n Inicial T\u00e9cnica, conforme al cronograma y las condiciones aprobadas por la Resoluci\u00f3n N\u00b0 0225-CD-2026, conforme se adjunta a continuaci\u00f3n.<\/p>\n\n\n\n<p>\u201c<strong>CONVOCATORIA A CONCURSO ABREVIADO DE ANTECEDENTES Y OPOSICI\u00d3N PARA CARGO UNIPERSONAL DE GOBIERNO Y JER\u00c1RQUICO DE GESTI\u00d3N ACAD\u00c9MICA: DIRECCI\u00d3N DE NIVEL SUPERIOR Y JEFATURA DE FORMACI\u00d3N INICIAL T\u00c9CNICA<\/strong>\u201d<\/p>\n\n\n\n<p>El Consejo Directivo del I.E.S. N\u00b0 9-001 \u201cGral. Jos\u00e9 de San Mart\u00edn\u201d convoca a la presentaci\u00f3n de aspirantes al \u201c<strong>Concurso Abreviado de Antecedentes y Oposici\u00f3n\u201d<\/strong> en los siguientes cargos, unipersonal de gobierno y de gesti\u00f3n acad\u00e9mica, conforme el Cronograma aprobado por Res. N\u00b0 0225-CD-2026, Anexo I, para el per\u00edodo comprendido desde el 22 de septiembre de 2026 hasta la finalizaci\u00f3n de la actual Rectora<a>:<\/a><\/p>\n\n\n\n<p>Las condiciones para postularse a los <strong>cargos unipersonales de gobierno<\/strong> (rector, director de nivel superior y regente) son:<\/p>\n\n\n\n<ol type=\"1\">\n<li>Desempe\u00f1arse como profesor titular en el I.E.S. N 9-001.&nbsp; Se incluye a los docentes que tienen pendiente la norma de titularizaci\u00f3n por acuerdo paritario, conforme lo estipula la Res. N\u00b0 115-CGES-2022. As\u00ed tambi\u00e9n, se habilita excepcionalmente a los docentes que titularizaron horas en el Nivel Superior en los concursos sustanciados en los a\u00f1os 2022 a 2024, cuando acrediten una antig\u00fcedad m\u00ednima en el Nivel Superior de 5 (cinco) a\u00f1os al 31 de diciembre de 2023, independientemente de su situaci\u00f3n de revista anterior al concurso, conforme flexibiliza excepcionalmente la Res. N\u00b0 131-CGES-2024.<\/li>\n\n\n\n<li>Encontrarse en situaci\u00f3n de revista activa en el Nivel Superior.<\/li>\n\n\n\n<li>Acreditar como m\u00ednimo 5 (cinco) a\u00f1os de antig\u00fcedad en el Nivel Superior.<\/li>\n\n\n\n<li>Acreditar t\u00edtulo docente de nivel superior de 4 (cuatro) a\u00f1os como m\u00ednimo de duraci\u00f3n o equivalente, o t\u00edtulo profesional universitario y certificaci\u00f3n de formaci\u00f3n pedag\u00f3gica otorgada por un Instituto de Formaci\u00f3n Docente o por una Universidad Nacional, de gesti\u00f3n estatal o privada. En ambos casos deber\u00e1 adem\u00e1s acreditar formaci\u00f3n posterior a su t\u00edtulo de base, entendi\u00e9ndose por tal a las licenciaturas, diplomaturas, maestr\u00edas y\/o doctorados, todos vinculados con el t\u00edtulo de base.<\/li>\n\n\n\n<li>No encontrarse en cumplimiento de sanciones disciplinarias prevista en cualquiera de los niveles del sistema por suspensi\u00f3n, cesant\u00eda o exoneraci\u00f3n.<\/li>\n<\/ol>\n\n\n\n<p>Las condiciones para postularse a los <strong>cargos unipersonales jer\u00e1rquicos de gesti\u00f3n acad\u00e9mica<\/strong> (jefes y coordinadores de carrera) son:<\/p>\n\n\n\n<ol type=\"1\">\n<li>Desempe\u00f1arse como profesor en el I.E.S. N\u00b0 9-001, titular o los suplentes a t\u00e9rmino en horas vacantes que acrediten una antig\u00fcedad m\u00ednima de 2 (dos) a\u00f1os en el nivel superior al 31 de diciembre del 2023 (Res N\u00b0 115- CGES -2022 y su modificatoria; Res. N\u00b0 131-CGES-2024).<\/li>\n\n\n\n<li>Encontrarse en situaci\u00f3n de revista activa.<\/li>\n\n\n\n<li>Acreditar t\u00edtulo docente de nivel superior de 4 (cuatro) a\u00f1os como m\u00ednimo de duraci\u00f3n o equivalente, o t\u00edtulo profesional universitario y certificaci\u00f3n de formaci\u00f3n pedag\u00f3gica otorgada por un Instituto de Formaci\u00f3n Docente o por una Universidad Nacional, de gesti\u00f3n estatal o privada. En ambos casos deber\u00e1 adem\u00e1s acreditar formaci\u00f3n posterior a su t\u00edtulo de base, entendi\u00e9ndose por tal a las licenciaturas, diplomaturas, maestr\u00edas y\/o doctorados, todos vinculados con el t\u00edtulo de base.<\/li>\n\n\n\n<li>No encontrarse en cumplimiento de sanciones disciplinarias prevista en cualquiera de los niveles del sistema por suspensi\u00f3n, cesant\u00eda o exoneraci\u00f3n.<\/li>\n<\/ol>\n\n\n\n<p><strong>Requisitos para la Inscripci\u00f3n:<\/strong><\/p>\n\n\n\n<ol type=\"1\">\n<li>Cumplir con las condiciones para postularse.<\/li>\n\n\n\n<li>Cumplimentar la inscripci\u00f3n en l\u00ednea conforme las fechas previstas en el cronograma correspondiente.<\/li>\n\n\n\n<li>Presentar la carpeta de antecedentes con las probanzas, debidamente autenticadas y ordenadas de acuerdo a la grilla de tabulaci\u00f3n, obrante en la Res. N\u00b0 115-CGES-2018 y su modificatoria Res. N\u00b0 139-CGES-2022. No deber\u00e1 incluirse copia del DNI entre las probanzas.<\/li>\n\n\n\n<li>Presentar proyecto de gesti\u00f3n. La presentaci\u00f3n se har\u00e1 en sobre de papel, cerrado, consignando en el anverso el nombre del cargo para el que se postula y el n\u00famero de tr\u00e1mite que figura en su documento nacional de identidad. No deber\u00e1 contener ning\u00fan otro dato que permita identificar al postulante. Debe estar consignado en cada hoja del proyecto presentado en el margen superior derecho. El anonimato respecto del autor del proyecto se mantiene hasta el momento de la notificaci\u00f3n del puntaje obtenido en la evaluaci\u00f3n por parte del Jurado Externo, donde contra presentaci\u00f3n del documento se procede a nominar el proyecto evaluado.<\/li>\n\n\n\n<li>Poseer la documentaci\u00f3n necesaria requerida para la toma de posesi\u00f3n.<\/li>\n<\/ol>\n\n\n\n<p class=\"has-text-color has-medium-font-size\" style=\"color:#640707\"><a rel=\"noreferrer noopener\" href=\"https:\/\/docs.google.com\/forms\/d\/e\/1FAIpQLSeXNuoybLJUeKbeWwpsXC1CU5h7OyPr8Me2WgSiWmjNs-2XTg\/viewform?usp=sharing&amp;ouid=112384870418408286111\" target=\"_blank\">Inscripciones en l\u00ednea de aspirantes AQU\u00cd (del 07 al 10 de agosto)<\/a><\/p>\n\n\n\n<p><strong>\u201cCRONOGRAMA CONCURSO ABREVIADO DE ANTECEDENTES Y OPOSICI\u00d3N PARA CARGO UNIPERSONAL DE GOBIERNO Y JER\u00c1RQUICO DE GESTI\u00d3N ACAD\u00c9MICA: DIRECCI\u00d3N DE NIVEL SUPERIOR Y JEFATURA DE FORMACI\u00d3N INICIAL T\u00c9CNICA\u201d<\/strong><\/p>\n\n\n\n<figure class=\"wp-block-table\"><table><tbody><tr><td><strong>Fecha<\/strong><strong><\/strong><\/td><td colspan=\"2\"><strong>Acci\u00f3n<\/strong><strong><\/strong><\/td><td><strong>Responsable<\/strong><strong><\/strong><\/td><\/tr><tr><td>03 de agosto de 2026<\/td><td colspan=\"2\">Aprobaci\u00f3n cronograma y convocatoria de Concurso Abreviado de Antecedentes y Oposici\u00f3n.<\/td><td>Consejo Directivo<\/td><\/tr><tr><td>03 de agosto de 2026<\/td><td colspan=\"2\">Elevo a la DES (Direcci\u00f3n de Educaci\u00f3n Superior) de la resoluci\u00f3n de cronograma y convocatoria de Concurso Abreviado.<\/td><td>Equipo Gesti\u00f3n Secretar\u00eda<\/td><\/tr><tr><td>04 a 06 de agosto de 2026<\/td><td colspan=\"2\">Convocatoria por los medios de comunicaci\u00f3n (portal educativo, p\u00e1gina institucional, Sistema GEM).<\/td><td>Consejo Directivo \u00c1rea de Comunicaci\u00f3n<\/td><\/tr><tr><td>07 a 10 de agosto de 2026<\/td><td colspan=\"2\">Inscripci\u00f3n en l\u00ednea de aspirantes.<\/td><td>Consejo Directivo Secretar\u00eda<\/td><\/tr><tr><td>11 de agosto de 2026<\/td><td colspan=\"2\">Labrado actas de inscripciones registradas: 9 horas.<\/td><td>Secretar\u00eda<\/td><\/tr><tr><td>11 de agosto de 2026<\/td><td colspan=\"2\">Recepci\u00f3n de documentaci\u00f3n de aspirantes (antecedentes y proyecto en sobre cerrado). Lugar: Secretar\u00eda de Personal Docente, Sede Central Institucional, desde las 9.30 y hasta las 12.30 horas.<\/td><td>Secretar\u00eda de Personal Docente (Prof. Anal\u00eda E. Secotaro)<\/td><\/tr><tr><td>11 de agosto de 2026<\/td><td colspan=\"2\">Comunicaci\u00f3n a los aspirantes de inscripci\u00f3n y de los miembros del Jurado (Consejo Directivo constituido como Jurado).<\/td><td>Secretar\u00eda de Personal Docente<\/td><\/tr><tr><td>11 de agosto de 2026<\/td><td colspan=\"2\">Publicaci\u00f3n de aspirantes en la p\u00e1gina institucional y de los miembros del Jurado.<\/td><td>Equipo Gesti\u00f3n Secretar\u00eda \u00c1rea de Comunicaci\u00f3n<\/td><\/tr><tr><td>12, 13 y 14 de agosto de 2026<\/td><td colspan=\"2\">Recepci\u00f3n de impugnaciones de los aspirantes y recusaci\u00f3n a los miembros del Consejo Directivo constituido como Jurado, mediante presentaci\u00f3n dirigida a Rector\u00eda por Mesa de Entrada de Sede Central.<\/td><td>Rector\u00eda<\/td><\/tr><tr><td>18 de agosto de 2026<\/td><td colspan=\"2\">Resoluci\u00f3n de las impugnaciones.<\/td><td>Rector\u00eda Consejo Directivo<\/td><\/tr><tr><td>19 de agosto a 11 de septiembre de 2026 &nbsp; &nbsp; &nbsp;<\/td><td>Actuaci\u00f3n del Consejo Directivo constituido como Jurado: -Fijaci\u00f3n de Sede. -Solicitud de ampliaci\u00f3n de la convocatoria en caso en que no se registre terna de inscriptos. &#8211; Tabulaci\u00f3n de antecedentes. &#8211; Evaluaci\u00f3n de proyectos. &#8211; Comunicaci\u00f3n a los aspirantes y sorteo del orden de defensa, con una antelaci\u00f3n de 48 horas antes del d\u00eda de la defensa. &#8211; Defensa p\u00fablica de proyectos. -Coloquios: elaboraci\u00f3n de informes.<\/td><td>19 y 120 de agosto de 2026: convocatoria de la ampliaci\u00f3n de la inscripci\u00f3n en l\u00ednea de aspirantes de no alcanzar la terna en la inscripci\u00f3n inicial. Inscripci\u00f3n en l\u00ednea de aspirantes. &#8211; Ampliaci\u00f3n de la inscripci\u00f3n en l\u00ednea (20 a 25 de agosto). &#8211; Labrado de Acta de inscripciones registradas. &#8211; Recepci\u00f3n de documentaci\u00f3n de antecedentes y proyecto. Publicaci\u00f3n (26 de agosto). &#8211; Recepci\u00f3n de impugnaciones y recusaciones (27 a 31 de agosto). Resoluciones de impugnaciones (01 de septiembre)<\/td><td>Consejo Directivo Secretar\u00eda<\/td><\/tr><tr><td>12 de septiembre de 2026<\/td><td colspan=\"2\">Notificaci\u00f3n del orden de m\u00e9rito<\/td><td>Jurado<\/td><\/tr><tr><td>14 a 16 de septiembre de 2026<\/td><td colspan=\"2\">Presentaci\u00f3n de impugnaciones a trav\u00e9s de nota dirigida al correo de Secretar\u00eda de Personal Docente: <a href=\"mailto:secretariaies9001@gmail.com\">secretariaies9001@gmail.com<\/a><\/td><td>Rector\u00eda Consejo Directivo<\/td><\/tr><tr><td>17 de septiembre de 2026<\/td><td colspan=\"2\">Resoluci\u00f3n de impugnaciones y notificaci\u00f3n a los presentantes.<\/td><td>Rector\u00eda Consejo Directivo<\/td><\/tr><tr><td>18 de septiembre de 2026<\/td><td colspan=\"2\">Toma de posesi\u00f3n, seg\u00fan orden de m\u00e9rito.<\/td><td>Consejo Directivo<\/td><\/tr><\/tbody><\/table><\/figure>\n","protected":false},"excerpt":{"rendered":"<p>CONCURSO ABREVIADO DE ANTECEDENTES Y OPOSICI\u00d3N: DIRECCI\u00d3N DE NIVEL SUPERIOR &#8211; JEFATURA DE FORMACI\u00d3N INICIAL T\u00c9CNICA Se informa a la comunidad educativa que los aspirantes inscriptos, en primera instancia, al Concurso Abreviado de Antecedentes y Oposici\u00f3n para la renovaci\u00f3n del cargo unipersonal de gobierno, correspondiente a la Direcci\u00f3n de Nivel Superior, y para el cargo &#8230; <a title=\"CONVOCATORIA A CONCURSO ABREVIADO DE ANTECEDENTES\" class=\"read-more\" href=\"https:\/\/ens9001-infd.mendoza.edu.ar\/sitio\/23154-2\/\" aria-label=\"More on CONVOCATORIA A CONCURSO ABREVIADO DE ANTECEDENTES\">[+]<\/a><\/p>\n","protected":false},"author":858,"featured_media":0,"parent":0,"menu_order":0,"comment_status":"closed","ping_status":"closed","template":"","meta":[],"acf":[],"_links":{"self":[{"href":"https:\/\/ens9001-infd.mendoza.edu.ar\/sitio\/wp-json\/wp\/v2\/pages\/23154"}],"collection":[{"href":"https:\/\/ens9001-infd.mendoza.edu.ar\/sitio\/wp-json\/wp\/v2\/pages"}],"about":[{"href":"https:\/\/ens9001-infd.mendoza.edu.ar\/sitio\/wp-json\/wp\/v2\/types\/page"}],"author":[{"embeddable":true,"href":"https:\/\/ens9001-infd.mendoza.edu.ar\/sitio\/wp-json\/wp\/v2\/users\/858"}],"replies":[{"embeddable":true,"href":"https:\/\/ens9001-infd.mendoza.edu.ar\/sitio\/wp-json\/wp\/v2\/comments?post=23154"}],"version-history":[{"count":9,"href":"https:\/\/ens9001-infd.mendoza.edu.ar\/sitio\/wp-json\/wp\/v2\/pages\/23154\/revisions"}],"predecessor-version":[{"id":23221,"href":"https:\/\/ens9001-infd.mendoza.edu.ar\/sitio\/wp-json\/wp\/v2\/pages\/23154\/revisions\/23221"}],"wp:attachment":[{"href":"https:\/\/ens9001-infd.mendoza.edu.ar\/sitio\/wp-json\/wp\/v2\/media?parent=23154"}],"curies":[{"name":"wp","href":"https:\/\/api.w.org\/{rel}","templated":true}]}}